{"id":6063,"date":"2023-04-17T15:40:30","date_gmt":"2023-04-17T13:40:30","guid":{"rendered":"https:\/\/idefixtravel.at\/datenschutzbestimmungen\/"},"modified":"2023-09-13T11:04:26","modified_gmt":"2023-09-13T09:04:26","slug":"datenschutzbestimmungen","status":"publish","type":"page","link":"https:\/\/www.idefixtravel.at\/de\/datenschutzbestimmungen\/","title":{"rendered":"Datenschutzbestimmungen"},"content":{"rendered":"\t\t<div data-elementor-type=\"wp-page\" data-elementor-id=\"6063\" class=\"elementor elementor-6063 elementor-3\" data-elementor-post-type=\"page\">\n\t\t\t\t\t\t<section class=\"ob-is-breaking-bad elementor-section elementor-top-section elementor-element elementor-element-6bfbf83 elementor-section-boxed elementor-section-height-default elementor-section-height-default\" data-id=\"6bfbf83\" data-element_type=\"section\" data-e-type=\"section\" data-settings=\"{&quot;_ob_bbad_use_it&quot;:&quot;yes&quot;,&quot;_ob_bbad_sssic_use&quot;:&quot;no&quot;,&quot;_ob_glider_is_slider&quot;:&quot;no&quot;}\">\n\t\t\t\t\t\t<div class=\"elementor-container elementor-column-gap-default\">\n\t\t\t\t\t<div class=\"elementor-column elementor-col-100 elementor-top-column elementor-element elementor-element-b3ffab0\" data-id=\"b3ffab0\" data-element_type=\"column\" data-e-type=\"column\" data-settings=\"{&quot;_ob_bbad_is_stalker&quot;:&quot;no&quot;,&quot;_ob_teleporter_use&quot;:false,&quot;_ob_column_hoveranimator&quot;:&quot;no&quot;,&quot;_ob_column_has_pseudo&quot;:&quot;no&quot;}\">\n\t\t\t<div class=\"elementor-widget-wrap elementor-element-populated\">\n\t\t\t\t\t\t<div class=\"elementor-element elementor-element-f1de040 ob-harakiri-inherit ob-has-background-overlay elementor-widget elementor-widget-heading\" data-id=\"f1de040\" data-element_type=\"widget\" data-e-type=\"widget\" data-settings=\"{&quot;_ob_use_harakiri&quot;:&quot;yes&quot;,&quot;_ob_harakiri_writing_mode&quot;:&quot;inherit&quot;,&quot;_ob_harakiri_text_clip&quot;:&quot;none&quot;,&quot;_ob_perspektive_use&quot;:&quot;no&quot;,&quot;_ob_poopart_use&quot;:&quot;yes&quot;,&quot;_ob_shadough_use&quot;:&quot;no&quot;,&quot;_ob_allow_hoveranimator&quot;:&quot;no&quot;,&quot;_ob_widget_stalker_use&quot;:&quot;no&quot;}\" data-widget_type=\"heading.default\">\n\t\t\t\t<div class=\"elementor-widget-container\">\n\t\t\t\t\t<h2 class=\"elementor-heading-title elementor-size-default\">Datenschutzbestimmungen  <\/h2>\t\t\t\t<\/div>\n\t\t\t\t<\/div>\n\t\t\t\t<div class=\"elementor-element elementor-element-db89e55 ob-has-background-overlay elementor-widget elementor-widget-shortcode\" data-id=\"db89e55\" data-element_type=\"widget\" data-e-type=\"widget\" data-settings=\"{&quot;_ob_perspektive_use&quot;:&quot;no&quot;,&quot;_ob_poopart_use&quot;:&quot;yes&quot;,&quot;_ob_shadough_use&quot;:&quot;no&quot;,&quot;_ob_allow_hoveranimator&quot;:&quot;no&quot;,&quot;_ob_widget_stalker_use&quot;:&quot;no&quot;}\" data-widget_type=\"shortcode.default\">\n\t\t\t\t<div class=\"elementor-widget-container\">\n\t\t\t\t\t\t\t<div class=\"elementor-shortcode\"><span class=\"borlabs-cookie-open-dialog-preferences \" data-borlabs-cookie-title=\"Klicken Sie hier f\u00fcr Ihre Cookie-Einstellungen.\" data-borlabs-cookie-type=\"link\" ><\/span><\/div>\n\t\t\t\t\t\t<\/div>\n\t\t\t\t<\/div>\n\t\t\t\t<div class=\"elementor-element elementor-element-233ab8c ob-harakiri-inherit ob-has-background-overlay elementor-widget elementor-widget-text-editor\" data-id=\"233ab8c\" data-element_type=\"widget\" data-e-type=\"widget\" data-settings=\"{&quot;_ob_use_harakiri&quot;:&quot;yes&quot;,&quot;_ob_harakiri_writing_mode&quot;:&quot;inherit&quot;,&quot;_ob_postman_use&quot;:&quot;no&quot;,&quot;_ob_perspektive_use&quot;:&quot;no&quot;,&quot;_ob_poopart_use&quot;:&quot;yes&quot;,&quot;_ob_shadough_use&quot;:&quot;no&quot;,&quot;_ob_allow_hoveranimator&quot;:&quot;no&quot;,&quot;_ob_widget_stalker_use&quot;:&quot;no&quot;}\" data-widget_type=\"text-editor.default\">\n\t\t\t\t<div class=\"elementor-widget-container\">\n\t\t\t\t\t\t\t\t\t<p>Der Schutz Ihrer pers\u00f6nlichen Daten ist f\u00fcr uns sehr wichtig. Wir verarbeiten Ihre Daten daher ausschlie\u00dflich auf Basis der gesetzlichen Bestimmungen (DSGVO, TKG 2003). In dieser Datenschutzerkl\u00e4rung informieren wir Sie \u00fcber die wichtigsten Aspekte der Datenverarbeitung innerhalb unserer Website.<\/p><ol><li>Name und Anschrift des f\u00fcr die Verarbeitung Verantwortlichen<\/li><\/ol><p>Verantwortlicher im Sinne der Datenschutz-Grundverordnung (DSGVO), anderer in den Mitgliedstaaten der Europ\u00e4ischen Union geltender Datenschutzgesetze und anderer datenschutzrechtlicher Bestimmungen ist:<\/p><p>Idefix Flugreisen GmbH<br \/>Bandgasse 16<br \/>1070 Wien<br \/><a href=\"mailto:office@idefixflighttravel.at\">office@idefixflighttravel.at<\/a><\/p><ol start=\"2\"><li>Erhebung von personenbezogenen Daten<\/li><\/ol><p>Bei einem einfachen Website-Besuch speichern wir lediglich Zugriffsdaten im Rahmen von Logfiles des Servers. Diese allgemeinen Daten und Informationen sind nicht personenbezogen. Gesammelt werden k\u00f6nnen:<\/p><ul><li>Browser-Typ\/Version<\/li><li>Verwendetes Betriebssystem<\/li><li>Referrer URL (die zuvor besuchte Seite)<\/li><li>Hostname des zugreifenden Rechners (IP-Adresse)<\/li><li>Uhrzeit und Datum der Serveranfrage<\/li><\/ul><p>Diese Daten sind f\u00fcr uns nicht bestimmten Personen zuordenbar. Eine Zusammenf\u00fchrung dieser Daten mit anderen Datenquellen wird nicht vorgenommen, die Daten werden zudem nach einer statistischen Auswertung gel\u00f6scht. Zu diesem Zweck wird der Zugriff des Nutzers auf unsere Webseiten in den Server-Logfiles gespeichert, einschlie\u00dflich der IP-Adresse. Diese Logdateien werden monatlich zu statistischen Zwecken mit einer Analysesoftware aufbereitet und anschlie\u00dfend gel\u00f6scht. Ein R\u00fcckschluss auf eine bestimmte Person ist bei der Verwendung der Daten durch uns nicht m\u00f6glich.<\/p><p>Einige Funktionen unserer Website fordern den Besucher auf, pers\u00f6nliche Daten zu erfassen, wie z. B. Name, E-Mail. Namen und Angaben k\u00f6nnen hier freiwillig gemacht werden.<\/p><p>Wir verarbeiten Ihre Daten auf Servern, die sich in \u00d6sterreich und damit im Rahmen des EU-Datenschutzniveaus befinden. Wir weisen jedoch auf die bestehenden Ausnahmen nach Punkten hin. 6 dieser Erkl\u00e4rung (&#8222;Google Analytics&#8220;), wenn Tools von Drittanbietern verwendet werden, deren Server im Ausland stehen.<\/p><ol start=\"3\"><li>Anmeldung<\/li><\/ol><p>Die betroffene Person hat die M\u00f6glichkeit, sich auf der Website des f\u00fcr die Verarbeitung Verantwortlichen f\u00fcr die Bereitstellung personenbezogener Daten zu registrieren. Welche personenbezogenen Daten an den Controller \u00fcbermittelt werden, ergibt sich aus der jeweiligen Eingabemaske, die f\u00fcr die Anmeldung verwendet wird. Die von der betroffenen Person eingegebenen personenbezogenen Daten werden ausschlie\u00dflich zur internen Verwendung durch den f\u00fcr die Verarbeitung Verantwortlichen und f\u00fcr dessen eigene Zwecke erhoben und gespeichert. Der f\u00fcr die Verarbeitung Verantwortliche kann die \u00dcbermittlung an einen oder mehrere Auftragsverarbeiter, z. B. einen Paketdienst, verlangen, der die personenbezogenen Daten auch f\u00fcr einen internen, dem f\u00fcr die Verarbeitung Verantwortlichen zurechenbaren Zweck verwendet.<\/p><p>Mit der Registrierung auf der Website des f\u00fcr die Verarbeitung Verantwortlichen werden auch die vom Internetdienstanbieter (ISP) zugewiesene und von der betroffenen Person verwendete IP-Adresse sowie Datum und Uhrzeit der Registrierung gespeichert. Die Speicherung dieser Daten erfolgt vor dem Hintergrund, dass dies die einzige M\u00f6glichkeit ist, den Missbrauch unserer Dienste zu verhindern und ggf. die Aufkl\u00e4rung begangener Straftaten zu erm\u00f6glichen. Insofern ist die Speicherung dieser Daten notwendig, um den f\u00fcr die Verarbeitung Verantwortlichen zu sch\u00fctzen. Diese Daten werden nicht an Dritte weitergegeben, es sei denn, es besteht eine gesetzliche Verpflichtung zur Weitergabe der Daten oder die \u00dcbermittlung dient dem Zweck der Strafverfolgung.<\/p><p>3.1 Zweck<\/p><p>Wir verwenden Ihre personenbezogenen Daten, um die von Ihnen gew\u00fcnschten Dienstleistungen zu erbringen, insbesondere um Ihre Anfrage oder Anmeldung entgegenzunehmen und zu bearbeiten.<\/p><ol start=\"4\"><li>Auftragsdatenverarbeitung<\/li><\/ol><p>Aufgrund einer gesonderten Vereinbarung \u00fcber die Verarbeitung personenbezogener Daten im Auftrag werden Ihre Daten von unserem Webspace-Provider Laufwerk.it (wie unter Punkt 2 beschrieben), im Rahmen der Auftragsdatenverarbeitung nach Art. 28 DSGVO in \u00dcbereinstimmung mit den entsprechenden gesetzlichen Vorgaben in unserem Auftrag. Daten \u00fcber jeden Zugriff auf unsere Website werden ausschlie\u00dflich auf Servern in \u00d6sterreich gespeichert. Eine \u00dcbermittlung Ihrer personenbezogenen Daten an Dritte im Sinne des Datenschutzrechts ist damit jedoch nicht verbunden. Wir bleiben Ihnen gegen\u00fcber datenschutzrechtlich verantwortlich.<\/p><ol start=\"5\"><li>Rechte der betroffenen Person<\/li><\/ol><p>Sie haben das Recht, kostenlos Auskunft \u00fcber Ihre gespeicherten personenbezogenen Daten zu verlangen. Wenn Sie unrichtige Daten haben, haben Sie das Recht, diese zu berichtigen. Sie sind jederzeit zur K\u00fcndigung und Sperrung berechtigt.<\/p><p>Die L\u00f6schung der gespeicherten personenbezogenen Daten erfolgt, wenn Sie Ihre Einwilligung zur Speicherung widerrufen oder wenn die Kenntnis dieser Daten zur Erf\u00fcllung des mit der Speicherung verfolgten Zwecks nicht mehr erforderlich ist. Die L\u00f6schung erfolgt jedoch erst nach Ablauf der Fristen des Steuer- und Handelsrechts.<\/p><p>5.1 Recht auf Beschwerde<\/p><p>Sollten Sie der Meinung sein, dass wir bei der Verarbeitung Ihrer Daten gegen \u00f6sterreichisches oder europ\u00e4isches Datenschutzrecht versto\u00dfen, bitten wir Sie, sich mit uns in Verbindung zu setzen, um alle Fragen zu kl\u00e4ren. Selbstverst\u00e4ndlich haben Sie auch das Recht, sich bei der \u00f6sterreichischen Datenschutzbeh\u00f6rde zu beschweren, ab dem 25. Mai 2018 auch bei einer Aufsichtsbeh\u00f6rde innerhalb der EU.<\/p><ol start=\"6\"><li>Webanalyse mit Matomo Analytics<\/li><\/ol><p>Mit Ihrer Zustimmung verwenden wir die Open-Source-Software Matomo, um die Nutzung der Website zu analysieren und statistisch auszuwerten. Hierf\u00fcr werden Cookies verwendet. Die gewonnenen Informationen \u00fcber die Nutzung der Website werden ausschlie\u00dflich an unseren Server \u00fcbermittelt und in pseudonymen Nutzungsprofilen zusammengefasst. Wir verwenden die Daten, um die Nutzung der Website auszuwerten. Die erhobenen Daten werden nicht an Dritte weitergegeben. Die IP-Adressen werden anonymisiert (IP-Masking), so dass sie nicht einzelnen Nutzern zugeordnet werden k\u00f6nnen.<\/p><p>Die Verarbeitung der Daten erfolgt auf der Grundlage von Artikel 6 Absatz 1 Satz 1 Buchstabe a GDPR. Wir verfolgen damit unser berechtigtes Interesse, unsere Website f\u00fcr unsere Au\u00dfendarstellung zu optimieren. Sie k\u00f6nnen Ihre Zustimmung jederzeit widerrufen, indem Sie die Cookies in Ihrem Browser l\u00f6schen oder Ihre Datenschutzeinstellungen \u00e4ndern.<\/p><ol start=\"7\"><li>Informationen \u00fcber Cookies<\/li><\/ol><p>(1) Um unseren Webauftritt zu optimieren, verwenden wir Cookies. Dies sind kleine Textdateien, die im Hauptspeicher Ihres Computers gespeichert werden. Diese Cookies werden gel\u00f6scht, wenn Sie den Browser schlie\u00dfen. Andere Cookies verbleiben auf Ihrem Rechner (Langzeit-Cookies) und erm\u00f6glichen die Wiedererkennung bei Ihrem n\u00e4chsten Besuch. Dadurch k\u00f6nnen wir Ihren Zugang zu unserer Website verbessern.<br \/>(2) Sie k\u00f6nnen die Speicherung von Cookies verhindern, indem Sie in den Einstellungen Ihres Browsers die Option &#8222;Cookies deaktivieren&#8220; w\u00e4hlen. Dadurch kann aber die Funktionalit\u00e4t unserer Internetangebote eingeschr\u00e4nkt werden.<\/p><ol start=\"8\"><li>Speicherung von Daten<\/li><\/ol><p>Die personenbezogenen Daten werden f\u00fcr die Dauer der gesetzlichen Aufbewahrungsfrist gespeichert. Nach Ablauf der Frist werden die entsprechenden Daten routinem\u00e4\u00dfig gel\u00f6scht, sofern sie nicht mehr zur Vertragserf\u00fcllung oder Vertragsanbahnung erforderlich sind.<\/p><p>Wir behalten uns das Recht vor, diese Bedingungen jederzeit im Einklang mit den gesch\u00e4ftlichen Anforderungen zu \u00e4ndern.<\/p><ol start=\"9\"><li>Kontakt<\/li><\/ol><p>Idefix Flugreisen GmbH<br \/>Bandgasse 16<br \/>1070 Wien<br \/><a href=\"mailto:office@idefixflighttravel.at\">office@idefixflighttravel.at<\/a><\/p><p>10. Matomo Analytics<\/p><p>Mit Ihrer Zustimmung verwenden wir die Open-Source-Software Matomo, um die Nutzung der Website zu analysieren und statistisch auszuwerten. Hierf\u00fcr werden Cookies verwendet. Die gewonnenen Informationen \u00fcber die Nutzung der Website werden ausschlie\u00dflich an unseren Server \u00fcbermittelt und in pseudonymen Nutzungsprofilen zusammengefasst. Wir verwenden die Daten, um die Nutzung der Website auszuwerten. Die erhobenen Daten werden nicht an Dritte weitergegeben.<\/p><p>Die IP-Adressen werden anonymisiert (IP-Masking), so dass sie nicht einzelnen Nutzern zugeordnet werden k\u00f6nnen.<\/p><p>Die Verarbeitung der Daten erfolgt auf der Grundlage von Artikel 6 Absatz 1 Satz 1 Buchstabe a GDPR. Wir verfolgen damit unser berechtigtes Interesse, unsere Website f\u00fcr unsere Au\u00dfendarstellung zu optimieren.<\/p><p>Sie k\u00f6nnen Ihre Zustimmung jederzeit widerrufen, indem Sie die Cookies in Ihrem Browser l\u00f6schen oder Ihre Datenschutzeinstellungen \u00e4ndern.<\/p><p>11. iThemes Security\u00a0<\/p><p>Vertrag zur Auftragsverarbeitung (AV-Vertrag)<\/p><p>Im Rahmen der Nutzung der iThemes Security-Software geben wir personenbezogene Daten an einen Dritten weiter, um diese weisungsgebunden verarbeiten zu lassen. Dies erfolgt in \u00dcbereinstimmung mit den Anforderungen der Datenschutz-Grundverordnung (DSGVO). Um sicherzustellen, dass Ihre Daten gesch\u00fctzt sind, haben wir einen Vertrag zur Auftragsverarbeitung (AV-Vertrag) mit dem Dritten abgeschlossen. In diesem Vertrag sind folgende Informationen festgelegt:<\/p><p>Welche personenbezogenen Daten werden gespeichert?<\/p><p>IP-Adresse, Zeitpunkt und Quelle von Login-Versuchen und Log-Daten<\/p><p>Warum speichert das Plugin diese Daten?<\/p><p>Die Daten werden gespeichert, um unsere Webseite vor unberechtigten Zugriffen zu sch\u00fctzen.<br \/>Wie lange werden die Daten gespeichert?<\/p><p>Die Daten werden f\u00fcr 7 Tage gespeichert, um die Sicherheit unserer Webseite zu gew\u00e4hrleisten.<br \/>Rechte und Pflichten der Verantwortlichen:<\/p><p>In unserem AV-Vertrag sind die Rechte und Pflichten der beteiligten Parteien im Hinblick auf die Datenverarbeitung ausf\u00fchrlich festgehalten.<br \/>Datenschutzerkl\u00e4rung<\/p><p>Unsere Datenschutzerkl\u00e4rung informiert Sie dar\u00fcber, wie wir personenbezogene Daten im Zusammenhang mit der Verwendung von iThemes Security verarbeiten. Im Folgenden sind die wichtigsten Punkte unserer Datenschutzerkl\u00e4rung aufgef\u00fchrt:<\/p><p>Warum erheben wir personenbezogene Daten \u00fcber die Software?<\/p><p>Wir erheben personenbezogene Daten \u00fcber die Software, um unsere Webseite vor unberechtigten Zugriffen und Sicherheitsrisiken zu sch\u00fctzen.<br \/>Wie lange speichern wir die Daten?<\/p><p>Die gesammelten Daten werden f\u00fcr den Zeitraum von 7 Tagen gespeichert, um die Sicherheit unserer Webseite zu gew\u00e4hrleisten.<br \/>Rechtsgrundlage f\u00fcr die Datenverarbeitung (Art. 6 Abs. 1 lit. a DSGVO)<\/p><p>Die Verarbeitung der Daten erfolgt auf Grundlage Ihrer Einwilligung, die Sie uns durch die Nutzung unserer Webseite und der iThemes Security-Software erteilt haben.<br \/>Warum geben wir Daten an iThemes Security weiter?<\/p><p>Wir geben Daten an iThemes Security weiter, um die Software effektiv nutzen zu k\u00f6nnen und unsere Webseite sicher zu halten. Hierf\u00fcr haben wir einen Vertrag zur Auftragsverarbeitung (AV-Vertrag) mit iThemes Security abgeschlossen.<br \/>M\u00f6glichkeit zum Widerspruch<\/p><p>Nutzer haben jederzeit das Recht, der Datenerhebung und -speicherung zu widersprechen. Weitere Informationen dazu finden Sie in unserer Datenschutzerkl\u00e4rung.<br \/>Zus\u00e4tzlich empfehlen wir unseren Nutzern, die Datenschutzbestimmungen und Nutzungsbestimmungen von iThemes Security zu \u00fcberpr\u00fcfen, um zu verstehen, wie das Plugin ihre Daten verarbeitet.<\/p>\t\t\t\t\t\t\t\t<\/div>\n\t\t\t\t<\/div>\n\t\t\t\t\t<\/div>\n\t\t<\/div>\n\t\t\t\t\t<\/div>\n\t\t<\/section>\n\t\t\t\t<\/div>\n\t\t","protected":false},"excerpt":{"rendered":"<p>Datenschutzbestimmungen Der Schutz Ihrer pers\u00f6nlichen Daten ist f\u00fcr uns sehr wichtig. Wir verarbeiten Ihre Daten daher ausschlie\u00dflich auf Basis der gesetzlichen Bestimmungen (DSGVO, TKG 2003). In dieser Datenschutzerkl\u00e4rung informieren wir Sie \u00fcber die wichtigsten Aspekte der Datenverarbeitung innerhalb unserer Website. Name und Anschrift des f\u00fcr die Verarbeitung Verantwortlichen Verantwortlicher im Sinne der Datenschutz-Grundverordnung (DSGVO), anderer [&hellip;]<\/p>\n","protected":false},"author":1,"featured_media":0,"parent":0,"menu_order":20,"comment_status":"closed","ping_status":"closed","template":"elementor_header_footer","meta":{"footnotes":""},"class_list":["post-6063","page","type-page","status-publish","hentry"],"_links":{"self":[{"href":"https:\/\/www.idefixtravel.at\/de\/wp-json\/wp\/v2\/pages\/6063","targetHints":{"allow":["GET"]}}],"collection":[{"href":"https:\/\/www.idefixtravel.at\/de\/wp-json\/wp\/v2\/pages"}],"about":[{"href":"https:\/\/www.idefixtravel.at\/de\/wp-json\/wp\/v2\/types\/page"}],"author":[{"embeddable":true,"href":"https:\/\/www.idefixtravel.at\/de\/wp-json\/wp\/v2\/users\/1"}],"replies":[{"embeddable":true,"href":"https:\/\/www.idefixtravel.at\/de\/wp-json\/wp\/v2\/comments?post=6063"}],"version-history":[{"count":10,"href":"https:\/\/www.idefixtravel.at\/de\/wp-json\/wp\/v2\/pages\/6063\/revisions"}],"predecessor-version":[{"id":7617,"href":"https:\/\/www.idefixtravel.at\/de\/wp-json\/wp\/v2\/pages\/6063\/revisions\/7617"}],"wp:attachment":[{"href":"https:\/\/www.idefixtravel.at\/de\/wp-json\/wp\/v2\/media?parent=6063"}],"curies":[{"name":"wp","href":"https:\/\/api.w.org\/{rel}","templated":true}]}}